{"id":509,"date":"2008-06-16T08:58:26","date_gmt":"2008-06-16T07:58:26","guid":{"rendered":"http:\/\/carfree.fr\/index.php\/telechargement\/tracts\/"},"modified":"2016-05-23T20:49:21","modified_gmt":"2016-05-23T19:49:21","slug":"tracts","status":"publish","type":"page","link":"https:\/\/carfree.fr\/index.php\/telechargement\/tracts\/","title":{"rendered":"Tracts"},"content":{"rendered":"<p><a title=\"http:\/\/carfree.fr\/index.php\/2012\/04\/04\/je-me-suis-vraiment-gare-comme-une-merde\/\" href=\"http:\/\/carfree.fr\/index.php\/2012\/04\/04\/je-me-suis-vraiment-gare-comme-une-merde\/\" target=\"_blank\"><img decoding=\"async\" loading=\"lazy\" title=\"je-me-suis-vraiment-gare-comme-une-merde\" src=\"http:\/\/carfree.fr\/images\/je-me-suis-vraiment-gare-comme-une-merde.jpg\" alt=\"\" width=\"420\" height=\"200\" \/><\/a><br \/>\n<a title=\"http:\/\/carfree.fr\/index.php\/2012\/04\/04\/je-me-suis-vraiment-gare-comme-une-merde\/\" href=\"http:\/\/carfree.fr\/index.php\/2012\/04\/04\/je-me-suis-vraiment-gare-comme-une-merde\/\" target=\"_blank\">Je me suis vraiment gar\u00e9 comme une merde!<\/a><br \/>\nOn nous demande souvent des autocollants ou autres stickers \u00e0 mettre sur les voitures ind\u00e9licates [&#8230;]<\/p>\n<p><a title=\"http:\/\/carfree.fr\/index.php\/2011\/09\/27\/vive-le-velo\/\" href=\"http:\/\/carfree.fr\/index.php\/2011\/09\/27\/vive-le-velo\/\" target=\"_blank\"><img decoding=\"async\" loading=\"lazy\" title=\"vive-le-velo-min\" src=\"http:\/\/carfree.fr\/images\/vive-le-velo-min.jpg\" alt=\"\" width=\"420\" height=\"200\" \/><\/a><br \/>\n<a title=\"http:\/\/carfree.fr\/index.php\/2011\/09\/27\/vive-le-velo\/\" href=\"http:\/\/carfree.fr\/index.php\/2011\/09\/27\/vive-le-velo\/\" target=\"_blank\">Vive le v\u00e9lo !<\/a><br \/>\nAffiche \u00e0 t\u00e9l\u00e9charger, imprimer et diffuser sans mod\u00e9ration. [&#8230;]<\/p>\n<p><a title=\"Lien Permanent vers Tracts anti-4\u00d74\" rel=\"bookmark\" href=\"http:\/\/carfree.fr\/index.php\/2011\/02\/25\/tracts-anti-4x4\/\"><img decoding=\"async\" loading=\"lazy\" src=\"http:\/\/carfree.fr\/images\/tracts-anti-4x4.jpg\" alt=\"Tracts anti-4\u00d74\" width=\"420\" height=\"200\" \/><\/a><br \/>\n<a title=\"Lien Permanent vers Tracts anti-4\u00d74\" rel=\"bookmark\" href=\"http:\/\/carfree.fr\/index.php\/2011\/02\/25\/tracts-anti-4x4\/\">Tracts anti-4\u00d74<\/a><br \/>\nVoici quelques tracts anti-4\u00d74 \u00e0 t\u00e9l\u00e9charger, imprimer, diffuser et utiliser sans mod\u00e9ration\u2026 Des tracts anti4x4 qui font mal ! Aucun 4\u00d74 ne doit \u00eatre \u00e9pargn\u00e9: tractons !!!! [\u2026]<\/p>\n<p><a title=\"Lien Permanent vers Campagne de communication Carfree France 2011\" rel=\"bookmark\" href=\"http:\/\/carfree.fr\/index.php\/2010\/12\/20\/campagne-de-communication-carfree-france-2011\/\"><img decoding=\"async\" loading=\"lazy\" src=\"http:\/\/carfree.fr\/campagne\/carfree-campagne.jpg\" alt=\"Campagne de communication Carfree France 2011\" width=\"420\" height=\"200\" \/><\/a><br \/>\n<a title=\"Lien Permanent vers Campagne de communication Carfree France 2011\" rel=\"bookmark\" href=\"http:\/\/carfree.fr\/index.php\/2010\/12\/20\/campagne-de-communication-carfree-france-2011\/\">Campagne de communication Carfree France 2011<\/a><br \/>\nCarfree France lance sa campagne 2011 de communication autour du th\u00e8me de la gratification narcissique de l\u2019automobiliste. Cette campagne se d\u00e9cline en huit affiches au format carte postale, que vous pouvez t\u00e9l\u00e9charger, distribuer et faire circuler librement [\u2026]<\/p>\n<p><a title=\"Lien Permanent vers En ville sans ma voiture, toute l'ann\u00e9e !\" rel=\"bookmark\" href=\"http:\/\/carfree.fr\/index.php\/2010\/08\/24\/en-ville-sans-ma-voiture-toute-lannee\/\"><img decoding=\"async\" loading=\"lazy\" src=\"http:\/\/carfree.fr\/images\/en-ville-sans-ma-voiture-2010.jpg\" alt=\"En ville sans ma voiture, toute l'ann\u00e9e !\" width=\"420\" height=\"200\" \/><\/a><br \/>\n<a title=\"Lien Permanent vers En ville sans ma voiture, toute l'ann\u00e9e !\" rel=\"bookmark\" href=\"http:\/\/carfree.fr\/index.php\/2010\/08\/24\/en-ville-sans-ma-voiture-toute-lannee\/\">En ville sans ma voiture, toute l&rsquo;ann\u00e9e !<\/a><br \/>\nCarfree France propose l\u2019op\u00e9ration \u00ab En ville sans ma voiture, toute l\u2019ann\u00e9e ! \u00bb Cette campagne de communication se d\u00e9cline en un seul produit d\u00e9riv\u00e9, \u00e0 savoir une affiche grand format que vous \u00eates libres de t\u00e9l\u00e9charger, d\u2019imprimer et d\u2019afficher partout comme par exemple sur votre lieu de travail [\u2026]<\/p>\n<p><a title=\"Lien Permanent vers Campagne de communication Carfree France 2010 : Changez de vie, changez le monde\" rel=\"bookmark\" href=\"http:\/\/carfree.fr\/index.php\/2010\/01\/09\/campagne-de-communication-carfree-france-2010-changez-de-vie-changez-le-monde\/\"><img decoding=\"async\" loading=\"lazy\" src=\"http:\/\/carfree.fr\/images\/conduire-tue.jpg\" alt=\"Campagne de communication Carfree France 2010 : Changez de vie, changez le monde\" width=\"420\" height=\"200\" \/><\/a><br \/>\n<a title=\"Lien Permanent vers Campagne de communication Carfree France 2010 : Changez de vie, changez le monde\" rel=\"bookmark\" href=\"http:\/\/carfree.fr\/index.php\/2010\/01\/09\/campagne-de-communication-carfree-france-2010-changez-de-vie-changez-le-monde\/\">Campagne de communication Carfree France 2010 : Changez de vie, changez le monde<\/a><br \/>\nCarfree France lance sa campagne 2010 de communication autour du th\u00e8me \u201cChangez de vie, changez le monde\u201d. Cette campagne a pour objectif de rappeler que l\u2019automobile est un produit polluant qui nuit \u00e0 la sant\u00e9 de ses occupants, \u00e0 la sant\u00e9 des autres et \u00e0 la sant\u00e9 de la plan\u00e8te [\u2026]<\/p>\n<p><a title=\"Lien Permanent vers Journ\u00e9e mondiale de l\u2019environnement\u2026 sans voitures?\" rel=\"bookmark\" href=\"http:\/\/carfree.fr\/index.php\/2010\/06\/01\/journee-mondiale-de-lenvironnement-sans-voitures\/\"><img decoding=\"async\" loading=\"lazy\" src=\"http:\/\/carfree.fr\/images\/journee-mondiale-environnement.jpg\" alt=\"Journ\u00e9e mondiale de l\u2019environnement\u2026 sans voitures?\" width=\"420\" height=\"200\" \/><\/a><br \/>\n<a title=\"Lien Permanent vers Journ\u00e9e mondiale de l\u2019environnement\u2026 sans voitures?\" rel=\"bookmark\" href=\"http:\/\/carfree.fr\/index.php\/2010\/06\/01\/journee-mondiale-de-lenvironnement-sans-voitures\/\">Journ\u00e9e mondiale de l\u2019environnement\u2026 sans voitures?<\/a><br \/>\nLa Journ\u00e9e mondiale de l\u2019environnement, organis\u00e9e comme chaque ann\u00e9e par l\u2019Organisation des Nations-Unies (ONU), aura lieu le samedi 5 juin 2010. Le th\u00e8me de l\u2019\u00e9dition 2010 est \u201cDes millions d\u2019esp\u00e8ces. Une plan\u00e8te. Un avenir commun. \u00bb Carfree France se joint \u00e0 cet \u00e9v\u00e8nement pour organiser \u00e0 cette occasion une journ\u00e9e \u00ab Routes sans voitures \u00bb [\u2026]<\/p>\n<p><a title=\"Lien Permanent vers Campagne Carfree France 2009: la fin de l\u2019automobile, c\u2019est maintenant\" rel=\"bookmark\" href=\"http:\/\/carfree.fr\/index.php\/2009\/02\/24\/campagne-carfree-france-2009-la-fin-de-lautomobile-cest-maintenant\/\"><img decoding=\"async\" loading=\"lazy\" src=\"http:\/\/carfree.fr\/campagne\/voiture-propre-min.jpg\" alt=\"Campagne Carfree France 2009: la fin de l\u2019automobile, c\u2019est maintenant\" width=\"420\" height=\"200\" \/><\/a><br \/>\n<a title=\"Lien Permanent vers Campagne Carfree France 2009: la fin de l\u2019automobile, c\u2019est maintenant\" rel=\"bookmark\" href=\"http:\/\/carfree.fr\/index.php\/2009\/02\/24\/campagne-carfree-france-2009-la-fin-de-lautomobile-cest-maintenant\/\">Campagne Carfree France 2009: la fin de l\u2019automobile, c\u2019est maintenant<\/a><br \/>\nCarfree France lance sa campagne 2009 de communication autour du th\u00e8me \u201cLa fin de l\u2019automobile, c\u2019est maintenant\u201d. Cette campagne a pour objectif de retourner le greenwashing  (ou \u00e9coblanchiment) en vigueur dans le domaine de l\u2019industrie et de la publicit\u00e9 automobile [\u2026]<\/p>\n<p><a title=\"Lien Permanent vers Semaine sans voiture du 16 au 22 septembre 2009\" rel=\"bookmark\" href=\"http:\/\/carfree.fr\/index.php\/2009\/08\/31\/semaine-sans-voiture-du-16-au-22-septembre\/\"><img decoding=\"async\" loading=\"lazy\" src=\"http:\/\/carfree.fr\/images\/semaine_sans_voiture_sticker1.jpg\" alt=\"Semaine sans voiture du 16 au 22 septembre 2009\" width=\"420\" height=\"200\" \/><\/a><br \/>\n<a title=\"Lien Permanent vers Semaine sans voiture du 16 au 22 septembre 2009\" rel=\"bookmark\" href=\"http:\/\/carfree.fr\/index.php\/2009\/08\/31\/semaine-sans-voiture-du-16-au-22-septembre\/\">Semaine sans voiture du 16 au 22 septembre 2009<\/a><br \/>\nUne semaine sans voiture vise \u00e0 exp\u00e9rimenter dans le monde une semaine de fermeture de la ville aux voitures. Cette semaine est pour les pi\u00e9tons, les cyclistes et les transports en commun l\u2019occasion de s\u2019approprier l\u2019espace urbain. Initialement fix\u00e9es au 22 septembre au niveau europ\u00e9en, les journ\u00e9es sans voiture font \u00e0 pr\u00e9sent partie d\u2019une initiative plus large appel\u00e9e Semaine sans voiture [\u2026]<\/p>\n<p><a title=\"Lien Permanent vers Machines de mort \/ Machines de vie\" rel=\"bookmark\" href=\"http:\/\/carfree.fr\/index.php\/2009\/11\/09\/machines-de-mort-machines-de-vie\/\"><img decoding=\"async\" loading=\"lazy\" src=\"http:\/\/carfree.fr\/campagne\/machines.jpg\" alt=\"Machines de mort \/ Machines de vie\" width=\"420\" height=\"200\" \/><\/a><br \/>\n<a title=\"Lien Permanent vers Machines de mort \/ Machines de vie\" rel=\"bookmark\" href=\"http:\/\/carfree.fr\/index.php\/2009\/11\/09\/machines-de-mort-machines-de-vie\/\">Machines de mort \/ Machines de vie<\/a><br \/>\nAffiche Machines de mort \/ Machines de vie au format jpeg 533*720 pixels (107Ko). T\u00e9l\u00e9charger ici [\u2026]<\/p>\n<p><a title=\"Lien Permanent vers Information urgente de rappel\" rel=\"bookmark\" href=\"http:\/\/carfree.fr\/index.php\/2009\/01\/22\/information-urgente-de-rappel\/\"><img decoding=\"async\" loading=\"lazy\" src=\"http:\/\/carfree.fr\/campagne\/important.jpg\" alt=\"Information urgente de rappel\" width=\"420\" height=\"200\" \/><\/a><br \/>\n<a title=\"Lien Permanent vers Information urgente de rappel\" rel=\"bookmark\" href=\"http:\/\/carfree.fr\/index.php\/2009\/01\/22\/information-urgente-de-rappel\/\">Information urgente de rappel<\/a><br \/>\nCes v\u00e9hicules sont dangereux. Si vous voyez un v\u00e9hicule ressemblant \u00e0 cela, ramenez-le chez un concessionnaire. Description: 1. Fait en m\u00e9tal. 2. Quatre roues sur les c\u00f4t\u00e9s. 3. Utilise un moteur qui convertit l\u2019essence en fum\u00e9e [\u2026]<\/p>\n<p><a title=\"Lien Permanent vers 10 choses qu\u2019on ne vous dit pas\u2026 au Mondial de l\u2019Autodestruction!\" rel=\"bookmark\" href=\"http:\/\/carfree.fr\/index.php\/2008\/09\/23\/10-choses-quon-ne-vous-dit-pas-au-mondial-de-lautodestruction\/\"><img decoding=\"async\" loading=\"lazy\" src=\"http:\/\/carfree.fr\/wp-content\/themes\/mimbo2.2\/images\/mondial-auto-destruction-2008-max.jpg\" alt=\"mondial-auto-destruction-2008\" width=\"420\" height=\"200\" \/><\/a><br \/>\n<a title=\"Lien Permanent vers 10 choses qu\u2019on ne vous dit pas\u2026 au Mondial de l\u2019Autodestruction!\" rel=\"bookmark\" href=\"http:\/\/carfree.fr\/index.php\/2008\/09\/23\/10-choses-quon-ne-vous-dit-pas-au-mondial-de-lautodestruction\/\">10 choses qu\u2019on ne vous dit pas\u2026 au Mondial de l\u2019Autodestruction!<\/a><br \/>\nCarfree France met \u00e0 votre disposition un tract ainsi que du mat\u00e9riel de communication pour pr\u00e9parer le prochain mondial de l\u2019autodestruction qui aura lieu \u00e0 Paris, Porte de Versailles, du 4 au 19 octobre 2008. Vous pouvez imprimer le tract et venir le distribuer au public \u00e0 l\u2019entr\u00e9e du mondial tous les jours de 10h \u00e0 20h [\u2026]<\/p>\n<p><a title=\"Lien Permanent vers Un 11 septembre 2001 chaque jour !\" rel=\"bookmark\" href=\"http:\/\/carfree.fr\/index.php\/2008\/04\/08\/un-11-septembre-2001-chaque-jour\/\"><img decoding=\"async\" src=\"http:\/\/carfree.fr\/campagne\/11-septembre.jpg\" alt=\"\" \/><\/a><br \/>\n<a title=\"Lien Permanent vers Un 11 septembre 2001 chaque jour !\" rel=\"bookmark\" href=\"http:\/\/carfree.fr\/index.php\/2008\/04\/08\/un-11-septembre-2001-chaque-jour\/\">Un 11 septembre 2001 chaque jour !<\/a><br \/>\n3242 personnes meurent quotidiennement dans un accident de la route. Cette h\u00e9catombe quotidienne repr\u00e9sente environ 2 morts par minute li\u00e9s aux accidents de la circulation, ce qui ne prend pas en compte les morts li\u00e9s \u00e0 la pollution atmosph\u00e9rique automobile\u2026 T\u00e9l\u00e9charger l\u2019affiche au format 1024*723 (jpg, 363 Ko) [\u2026]<\/p>\n<p><a title=\"Lien Permanent vers Campagne Carfree France 2008: une voiture en moins\" rel=\"bookmark\" href=\"http:\/\/carfree.fr\/index.php\/2008\/04\/03\/campagne-carfree-france-2008-une-voiture-en-moins\/\"><img decoding=\"async\" loading=\"lazy\" src=\"http:\/\/carfree.fr\/campagne\/carfree-polluants-min.jpg\" alt=\"Campagne Carfree France 2008: une voiture en moins\" width=\"420\" height=\"200\" \/><\/a><br \/>\n<a title=\"Lien Permanent vers Campagne Carfree France 2008: une voiture en moins\" rel=\"bookmark\" href=\"http:\/\/carfree.fr\/index.php\/2008\/04\/03\/campagne-carfree-france-2008-une-voiture-en-moins\/\">Campagne Carfree France 2008: une voiture en moins<\/a><br \/>\nCarfree France lance sa campagne 2008 de communication autour du th\u00e8me \u201cune voiture de moins\u201d. Cette campagne rappelle les b\u00e9n\u00e9fices environnementaux de l\u2019abandon de l\u2019automobile, que ce soit en termes d\u2019\u00e9conomies d\u2019eau, de carburant et d\u2019\u00e9nergies fossiles en cours d\u2019\u00e9puisement ou de diminution des rejets de CO2 et de polluants dans l\u2019atmosph\u00e8re [\u2026]<\/p>\n<p><a title=\"Lien Permanent vers Comment vivre sans voiture?\" rel=\"bookmark\" href=\"http:\/\/carfree.fr\/index.php\/2008\/02\/04\/comment-vivre-sans-voiture\/\"><img decoding=\"async\" loading=\"lazy\" src=\"http:\/\/carfree.fr\/campagne\/conseils-vivre-sans-voiture.jpg\" alt=\"Comment vivre sans voiture?\" width=\"420\" height=\"200\" \/><\/a><br \/>\n<a title=\"Lien Permanent vers Comment vivre sans voiture?\" rel=\"bookmark\" href=\"http:\/\/carfree.fr\/index.php\/2008\/02\/04\/comment-vivre-sans-voiture\/\">Comment vivre sans voiture?<\/a><br \/>\nCarFree France vous propose 10 conseils pour vivre sans voiture<br \/>\n(affiche au format A4 Paysage)<br \/>\n&#8211; Habiter en ville, pas forc\u00e9ment dans le centre, mais dans un rayon de 5 \u00e0 10 km, distance ais\u00e9ment accessible en v\u00e9lo ou en transports en commun. L\u2019id\u00e9al \u00e9tant l\u2019endroit situ\u00e9 \u00e0 peu pr\u00e8s \u00e0 mi-chemin de son travail et du [\u2026]<\/p>\n<p><a title=\"Lien Permanent vers L\u2019automobile est morte\" rel=\"bookmark\" href=\"http:\/\/carfree.fr\/index.php\/2008\/02\/03\/lautomobile-est-morte\/\"><img decoding=\"async\" src=\"http:\/\/carfree.fr\/campagne\/automobile-morte.jpg\" alt=\"L\u2019automobile est morte\" \/><\/a><br \/>\n<a title=\"Lien Permanent vers L\u2019automobile est morte\" rel=\"bookmark\" href=\"http:\/\/carfree.fr\/index.php\/2008\/02\/03\/lautomobile-est-morte\/\">L\u2019automobile est morte<\/a><br \/>\nAffiche A4 L\u2019automobile est morte (format pdf)<br \/>\nStickers L\u2019automobile est morte (format pdf) [\u2026]<\/p>\n<p><a title=\"Lien Permanent vers Tracts anti-voitures\" rel=\"bookmark\" href=\"http:\/\/carfree.fr\/index.php\/2008\/02\/03\/tracts-anti-voitures\/\"><img decoding=\"async\" src=\"http:\/\/carfree.fr\/campagne\/vie-a-la-campagne.jpg\" alt=\"Tracts anti-voitures\" \/><\/a><br \/>\n<a title=\"Lien Permanent vers Tracts anti-voitures\" rel=\"bookmark\" href=\"http:\/\/carfree.fr\/index.php\/2008\/02\/03\/tracts-anti-voitures\/\">Tracts anti-voitures<\/a><br \/>\nTracts anti-voitures<br \/>\nCarFree France vous propose deux tracts \u00e0 t\u00e9l\u00e9charger et \u00e0 mettre sous les essuie glaces des voitures.<br \/>\nVous roulez en voiture pour aller travailler ou vous travaillez pour pouvoir rouler en voiture?<br \/>\nVous habitez loin de la ville pour \u00e9viter la pollution ou pour la provoquer?<br \/>\nLa voiture est l\u2019instrument de votre asservissement [\u2026]<\/p>\n<p><a title=\"Lien Permanent vers Arme de destruction massive\" rel=\"bookmark\" href=\"http:\/\/carfree.fr\/index.php\/2008\/02\/02\/arme-de-destruction-massive\/\"><img decoding=\"async\" src=\"http:\/\/carfree.fr\/campagne\/amd.jpg\" alt=\"Arme de destruction massive\" \/><\/a><br \/>\n<a title=\"Lien Permanent vers Arme de destruction massive\" rel=\"bookmark\" href=\"http:\/\/carfree.fr\/index.php\/2008\/02\/02\/arme-de-destruction-massive\/\">Arme de destruction massive<\/a><br \/>\nCliquez sur l\u2019image pour l\u2019agrandir<br \/>\nAffiche Arme de destruction massive [\u2026]<\/p>\n<p><a title=\"Lien Permanent vers Le prix du p\u00e9trole s\u2019envole\" rel=\"bookmark\" href=\"http:\/\/carfree.fr\/index.php\/2008\/02\/02\/la-fin-du-petrole\/\"><img decoding=\"async\" src=\"http:\/\/carfree.fr\/campagne\/prix-petrole.jpg\" alt=\"Le prix du p\u00e9trole s\u2019envole\" \/><\/a><br \/>\n<a title=\"Lien Permanent vers Le prix du p\u00e9trole s\u2019envole\" rel=\"bookmark\" href=\"http:\/\/carfree.fr\/index.php\/2008\/02\/02\/la-fin-du-petrole\/\">Le prix du p\u00e9trole s\u2019envole<\/a><br \/>\nCliquez sur l\u2019image pour l\u2019agrandir<br \/>\nAffiche Le prix du p\u00e9trole s\u2019envole [\u2026]<\/p>\n<p><a title=\"Lien Permanent vers Des parcs! Pas des parkings!\" rel=\"bookmark\" href=\"http:\/\/carfree.fr\/index.php\/2008\/02\/02\/des-parcs-pas-des-parkings\/\"><img decoding=\"async\" src=\"http:\/\/carfree.fr\/campagne\/parcs-parkings.jpg\" alt=\"Des parcs! Pas des parkings!\" \/><\/a><br \/>\n<a title=\"Lien Permanent vers Des parcs! Pas des parkings!\" rel=\"bookmark\" href=\"http:\/\/carfree.fr\/index.php\/2008\/02\/02\/des-parcs-pas-des-parkings\/\">Des parcs! Pas des parkings!<\/a><br \/>\nDes parcs! Pas des parkings!<br \/>\nStickers au format pdf (8 stickers par page A4) [\u2026]<\/p>\n","protected":false},"excerpt":{"rendered":"<p>Je me suis vraiment gar\u00e9 comme une merde! On nous demande souvent des autocollants ou autres stickers \u00e0 mettre sur les voitures ind\u00e9licates [&#8230;] Vive le v\u00e9lo ! Affiche \u00e0 <a class=\"more-link\" href=\"https:\/\/carfree.fr\/index.php\/telechargement\/tracts\/\">Lire la suite&#8230;<\/a><\/p>\n","protected":false},"author":1390,"featured_media":17214,"parent":23,"menu_order":0,"comment_status":"open","ping_status":"open","template":"","meta":[],"_links":{"self":[{"href":"https:\/\/carfree.fr\/index.php\/wp-json\/wp\/v2\/pages\/509"}],"collection":[{"href":"https:\/\/carfree.fr\/index.php\/wp-json\/wp\/v2\/pages"}],"about":[{"href":"https:\/\/carfree.fr\/index.php\/wp-json\/wp\/v2\/types\/page"}],"author":[{"embeddable":true,"href":"https:\/\/carfree.fr\/index.php\/wp-json\/wp\/v2\/users\/1390"}],"replies":[{"embeddable":true,"href":"https:\/\/carfree.fr\/index.php\/wp-json\/wp\/v2\/comments?post=509"}],"version-history":[{"count":0,"href":"https:\/\/carfree.fr\/index.php\/wp-json\/wp\/v2\/pages\/509\/revisions"}],"up":[{"embeddable":true,"href":"https:\/\/carfree.fr\/index.php\/wp-json\/wp\/v2\/pages\/23"}],"wp:featuredmedia":[{"embeddable":true,"href":"https:\/\/carfree.fr\/index.php\/wp-json\/"}],"wp:attachment":[{"href":"https:\/\/carfree.fr\/index.php\/wp-json\/wp\/v2\/media?parent=509"}],"curies":[{"name":"wp","href":"https:\/\/api.w.org\/{rel}","templated":true}]}}